{"id":32786,"date":"2026-08-25T19:41:32","date_gmt":"2026-08-25T17:41:32","guid":{"rendered":"https:\/\/carea-facade.com\/?post_type=evenement&#038;p=32786"},"modified":"2026-08-31T19:02:56","modified_gmt":"2026-08-31T17:02:56","slug":"86e-congres-hlm-de-lush-retrouvez-carea-a-bordeaux-2","status":"publish","type":"evenement","link":"https:\/\/carea-facade.com\/fr\/evenements\/86e-congres-hlm-de-lush-retrouvez-carea-a-bordeaux-2\/","title":{"rendered":"86e Congr\u00e8s HLM de l\u2019USH : retrouvez CAREA\u00ae \u00e0 Bordeaux"},"content":{"rendered":"\n<h3 class=\"wp-block-heading\">Du 22 au 24 septembre 2026 \u00b7 Parc des Expositions de Bordeaux \u00b7 Hall 1, stand D59<\/h3>\n\n\n\n<p class=\"wp-block-paragraph\"><\/p>\n\n\n\n<p class=\"wp-block-paragraph\">\u00c0 l\u2019occasion du <strong>86e Congr\u00e8s HLM de l\u2019USH<\/strong>, CAREA\u00ae vous donne rendez-vous au Parc des Expositions de Bordeaux du <strong>22 au 24 septembre<\/strong>.<\/p>\n\n\n\n<p class=\"wp-block-paragraph\">Venez d\u00e9couvrir <strong>en avant-premi\u00e8re nos nouveaut\u00e9s et solutions<\/strong> pour accompagner les projets de construction, de r\u00e9novation et d\u2019am\u00e9nagement :<\/p>\n\n\n\n<ul class=\"wp-block-list\">\n<li><strong>BARDAGE<\/strong> : nos solutions avec et sans ossature<\/li>\n\n\n\n<li><strong>FA\u00c7ADE<\/strong> : nos solutions d\u00e9di\u00e9es au r\u00e9emploi et \u00e0 la sur-isolation<\/li>\n\n\n\n<li><strong>CUISINE<\/strong> : d\u00e9couvrez notre concept <strong>Flex 70-120<\/strong><\/li>\n\n\n\n<li><strong>SALLE DE BAINS<\/strong> : nos nouvelles gammes de receveurs de douche, <strong>avec ou sans ressaut<\/strong><\/li>\n<\/ul>\n\n\n\n<p class=\"wp-block-paragraph\"><\/p>\n\n\n\n<p class=\"wp-block-paragraph\">\ud83d\udccd <strong>Hall 1 \u2013 Stand D59<\/strong><br>\ud83d\udcc5 <strong>22 \u2192 24 septembre 2026<\/strong><br>\ud83d\udccc <strong>Parc des Expositions de Bordeaux<\/strong><\/p>\n\n\n\n<p class=\"wp-block-paragraph\"><strong>Venez \u00e9changer avec nos \u00e9quipes et d\u00e9couvrir les nouveaut\u00e9s CAREA\u00ae !<\/strong><\/p>\n\n\n\n<p class=\"has-secondary-color has-text-color has-link-color wp-elements-1 wp-block-paragraph\">\u27a1\ufe0f <a href=\"https:\/\/www.union-habitat.org\/le-congres-hlm\/s-inscrire\/je-souhaite-acceder-uniquement-au-salon-h-expo\" data-type=\"link\" data-id=\"https:\/\/www.union-habitat.org\/le-congres-hlm\/s-inscrire\/je-souhaite-acceder-uniquement-au-salon-h-expo\">S&rsquo;inscrire gratuitement au salon<\/a><\/p>\n\n\n\n<figure class=\"wp-block-image size-large\"><img loading=\"lazy\" decoding=\"async\" width=\"1024\" height=\"768\" src=\"https:\/\/carea-facade.com\/wp-content\/uploads\/2026\/08\/IMG_3202-1-1024x768.jpg\" alt=\"\" class=\"wp-image-32780\" srcset=\"https:\/\/carea-facade.com\/wp-content\/uploads\/2026\/08\/IMG_3202-1-1024x768.jpg 1024w, https:\/\/carea-facade.com\/wp-content\/uploads\/2026\/08\/IMG_3202-1-300x225.jpg 300w, https:\/\/carea-facade.com\/wp-content\/uploads\/2026\/08\/IMG_3202-1-768x576.jpg 768w, https:\/\/carea-facade.com\/wp-content\/uploads\/2026\/08\/IMG_3202-1.jpg 1200w\" sizes=\"auto, (max-width: 1024px) 100vw, 1024px\" \/><\/figure>\n","protected":false},"featured_media":32780,"template":"","meta":{"_acf_changed":true},"class_list":["post-32786","evenement","type-evenement","status-publish","has-post-thumbnail","hentry"],"acf":[],"yoast_head":"<!-- This site is optimized with the Yoast SEO plugin v28.3 - https:\/\/yoast.com\/product\/yoast-seo-wordpress\/ -->\n<title>86e Congr\u00e8s HLM de l\u2019USH : retrouvez CAREA\u00ae \u00e0 Bordeaux - Carea facade<\/title>\n<meta name=\"robots\" content=\"index, follow, max-snippet:-1, max-image-preview:large, max-video-preview:-1\" \/>\n<link rel=\"canonical\" href=\"https:\/\/carea-facade.com\/fr\/evenements\/86e-congres-hlm-de-lush-retrouvez-carea-a-bordeaux-2\/\" \/>\n<meta property=\"og:locale\" content=\"fr_FR\" \/>\n<meta property=\"og:type\" content=\"article\" \/>\n<meta property=\"og:title\" content=\"86e Congr\u00e8s HLM de l\u2019USH : retrouvez CAREA\u00ae \u00e0 Bordeaux - Carea facade\" \/>\n<meta property=\"og:description\" content=\"Du 22 au 24 septembre 2026 \u00b7 Parc des Expositions de Bordeaux \u00b7 Hall 1, stand D59 \u00c0 l\u2019occasion du 86e Congr\u00e8s HLM de l\u2019USH, CAREA\u00ae vous donne rendez-vous au Parc des Expositions de Bordeaux du 22 au 24 septembre. Venez d\u00e9couvrir en avant-premi\u00e8re nos nouveaut\u00e9s et solutions pour accompagner les projets de construction, de [&hellip;]\" \/>\n<meta property=\"og:url\" content=\"https:\/\/carea-facade.com\/fr\/evenements\/86e-congres-hlm-de-lush-retrouvez-carea-a-bordeaux-2\/\" \/>\n<meta property=\"og:site_name\" content=\"Carea facade\" \/>\n<meta property=\"article:modified_time\" content=\"2026-08-31T17:02:56+00:00\" \/>\n<meta property=\"og:image\" content=\"https:\/\/carea-facade.com\/wp-content\/uploads\/2026\/08\/IMG_3202-1.jpg\" \/>\n\t<meta property=\"og:image:width\" content=\"1200\" \/>\n\t<meta property=\"og:image:height\" content=\"900\" \/>\n\t<meta property=\"og:image:type\" content=\"image\/jpeg\" \/>\n<meta name=\"twitter:card\" content=\"summary_large_image\" \/>\n<meta name=\"twitter:label1\" content=\"Dur\u00e9e de lecture estim\u00e9e\" \/>\n\t<meta name=\"twitter:data1\" content=\"2 minutes\" \/>\n<script type=\"application\/ld+json\" class=\"yoast-schema-graph\">{\"@context\":\"https:\\\/\\\/schema.org\",\"@graph\":[{\"@type\":\"WebPage\",\"@id\":\"https:\\\/\\\/carea-facade.com\\\/fr\\\/evenements\\\/86e-congres-hlm-de-lush-retrouvez-carea-a-bordeaux-2\\\/\",\"url\":\"https:\\\/\\\/carea-facade.com\\\/fr\\\/evenements\\\/86e-congres-hlm-de-lush-retrouvez-carea-a-bordeaux-2\\\/\",\"name\":\"86e Congr\u00e8s HLM de l\u2019USH : retrouvez CAREA\u00ae \u00e0 Bordeaux - Carea facade\",\"isPartOf\":{\"@id\":\"https:\\\/\\\/carea-facade.com\\\/fr\\\/#website\"},\"primaryImageOfPage\":{\"@id\":\"https:\\\/\\\/carea-facade.com\\\/fr\\\/evenements\\\/86e-congres-hlm-de-lush-retrouvez-carea-a-bordeaux-2\\\/#primaryimage\"},\"image\":{\"@id\":\"https:\\\/\\\/carea-facade.com\\\/fr\\\/evenements\\\/86e-congres-hlm-de-lush-retrouvez-carea-a-bordeaux-2\\\/#primaryimage\"},\"thumbnailUrl\":\"https:\\\/\\\/carea-facade.com\\\/wp-content\\\/uploads\\\/2026\\\/08\\\/IMG_3202-1.jpg\",\"datePublished\":\"2026-08-25T17:41:32+00:00\",\"dateModified\":\"2026-08-31T17:02:56+00:00\",\"breadcrumb\":{\"@id\":\"https:\\\/\\\/carea-facade.com\\\/fr\\\/evenements\\\/86e-congres-hlm-de-lush-retrouvez-carea-a-bordeaux-2\\\/#breadcrumb\"},\"inLanguage\":\"fr-FR\",\"potentialAction\":[{\"@type\":\"ReadAction\",\"target\":[\"https:\\\/\\\/carea-facade.com\\\/fr\\\/evenements\\\/86e-congres-hlm-de-lush-retrouvez-carea-a-bordeaux-2\\\/\"]}]},{\"@type\":\"ImageObject\",\"inLanguage\":\"fr-FR\",\"@id\":\"https:\\\/\\\/carea-facade.com\\\/fr\\\/evenements\\\/86e-congres-hlm-de-lush-retrouvez-carea-a-bordeaux-2\\\/#primaryimage\",\"url\":\"https:\\\/\\\/carea-facade.com\\\/wp-content\\\/uploads\\\/2026\\\/08\\\/IMG_3202-1.jpg\",\"contentUrl\":\"https:\\\/\\\/carea-facade.com\\\/wp-content\\\/uploads\\\/2026\\\/08\\\/IMG_3202-1.jpg\",\"width\":1200,\"height\":900,\"caption\":\"IMG 3202 1\"},{\"@type\":\"BreadcrumbList\",\"@id\":\"https:\\\/\\\/carea-facade.com\\\/fr\\\/evenements\\\/86e-congres-hlm-de-lush-retrouvez-carea-a-bordeaux-2\\\/#breadcrumb\",\"itemListElement\":[{\"@type\":\"ListItem\",\"position\":1,\"name\":\"Accueil\",\"item\":\"https:\\\/\\\/carea-facade.com\\\/fr\\\/\"},{\"@type\":\"ListItem\",\"position\":2,\"name\":\"\u00c9v\u00e9nements\",\"item\":\"https:\\\/\\\/carea-facade.com\\\/fr\\\/evenements\\\/\"},{\"@type\":\"ListItem\",\"position\":3,\"name\":\"86e Congr\u00e8s HLM de l\u2019USH : retrouvez CAREA\u00ae \u00e0 Bordeaux\"}]},{\"@type\":\"WebSite\",\"@id\":\"https:\\\/\\\/carea-facade.com\\\/fr\\\/#website\",\"url\":\"https:\\\/\\\/carea-facade.com\\\/fr\\\/\",\"name\":\"Carea facade\",\"description\":\"\",\"publisher\":{\"@id\":\"https:\\\/\\\/carea-facade.com\\\/fr\\\/#organization\"},\"potentialAction\":[{\"@type\":\"SearchAction\",\"target\":{\"@type\":\"EntryPoint\",\"urlTemplate\":\"https:\\\/\\\/carea-facade.com\\\/fr\\\/?s={search_term_string}\"},\"query-input\":{\"@type\":\"PropertyValueSpecification\",\"valueRequired\":true,\"valueName\":\"search_term_string\"}}],\"inLanguage\":\"fr-FR\"},{\"@type\":\"Organization\",\"@id\":\"https:\\\/\\\/carea-facade.com\\\/fr\\\/#organization\",\"name\":\"Carea facade\",\"url\":\"https:\\\/\\\/carea-facade.com\\\/fr\\\/\",\"logo\":{\"@type\":\"ImageObject\",\"inLanguage\":\"fr-FR\",\"@id\":\"https:\\\/\\\/carea-facade.com\\\/fr\\\/#\\\/schema\\\/logo\\\/image\\\/\",\"url\":\"https:\\\/\\\/carea-facade.com\\\/wp-content\\\/uploads\\\/2025\\\/10\\\/logo-carea.svg\",\"contentUrl\":\"https:\\\/\\\/carea-facade.com\\\/wp-content\\\/uploads\\\/2025\\\/10\\\/logo-carea.svg\",\"width\":131,\"height\":95,\"caption\":\"Carea facade\"},\"image\":{\"@id\":\"https:\\\/\\\/carea-facade.com\\\/fr\\\/#\\\/schema\\\/logo\\\/image\\\/\"}}]}<\/script>\n<!-- \/ Yoast SEO plugin. -->","yoast_head_json":{"title":"86e Congr\u00e8s HLM de l\u2019USH : retrouvez CAREA\u00ae \u00e0 Bordeaux - Carea facade","robots":{"index":"index","follow":"follow","max-snippet":"max-snippet:-1","max-image-preview":"max-image-preview:large","max-video-preview":"max-video-preview:-1"},"canonical":"https:\/\/carea-facade.com\/fr\/evenements\/86e-congres-hlm-de-lush-retrouvez-carea-a-bordeaux-2\/","og_locale":"fr_FR","og_type":"article","og_title":"86e Congr\u00e8s HLM de l\u2019USH : retrouvez CAREA\u00ae \u00e0 Bordeaux - Carea facade","og_description":"Du 22 au 24 septembre 2026 \u00b7 Parc des Expositions de Bordeaux \u00b7 Hall 1, stand D59 \u00c0 l\u2019occasion du 86e Congr\u00e8s HLM de l\u2019USH, CAREA\u00ae vous donne rendez-vous au Parc des Expositions de Bordeaux du 22 au 24 septembre. Venez d\u00e9couvrir en avant-premi\u00e8re nos nouveaut\u00e9s et solutions pour accompagner les projets de construction, de [&hellip;]","og_url":"https:\/\/carea-facade.com\/fr\/evenements\/86e-congres-hlm-de-lush-retrouvez-carea-a-bordeaux-2\/","og_site_name":"Carea facade","article_modified_time":"2026-08-31T17:02:56+00:00","og_image":[{"width":1200,"height":900,"url":"https:\/\/carea-facade.com\/wp-content\/uploads\/2026\/08\/IMG_3202-1.jpg","type":"image\/jpeg"}],"twitter_card":"summary_large_image","twitter_misc":{"Dur\u00e9e de lecture estim\u00e9e":"2 minutes"},"schema":{"@context":"https:\/\/schema.org","@graph":[{"@type":"WebPage","@id":"https:\/\/carea-facade.com\/fr\/evenements\/86e-congres-hlm-de-lush-retrouvez-carea-a-bordeaux-2\/","url":"https:\/\/carea-facade.com\/fr\/evenements\/86e-congres-hlm-de-lush-retrouvez-carea-a-bordeaux-2\/","name":"86e Congr\u00e8s HLM de l\u2019USH : retrouvez CAREA\u00ae \u00e0 Bordeaux - Carea facade","isPartOf":{"@id":"https:\/\/carea-facade.com\/fr\/#website"},"primaryImageOfPage":{"@id":"https:\/\/carea-facade.com\/fr\/evenements\/86e-congres-hlm-de-lush-retrouvez-carea-a-bordeaux-2\/#primaryimage"},"image":{"@id":"https:\/\/carea-facade.com\/fr\/evenements\/86e-congres-hlm-de-lush-retrouvez-carea-a-bordeaux-2\/#primaryimage"},"thumbnailUrl":"https:\/\/carea-facade.com\/wp-content\/uploads\/2026\/08\/IMG_3202-1.jpg","datePublished":"2026-08-25T17:41:32+00:00","dateModified":"2026-08-31T17:02:56+00:00","breadcrumb":{"@id":"https:\/\/carea-facade.com\/fr\/evenements\/86e-congres-hlm-de-lush-retrouvez-carea-a-bordeaux-2\/#breadcrumb"},"inLanguage":"fr-FR","potentialAction":[{"@type":"ReadAction","target":["https:\/\/carea-facade.com\/fr\/evenements\/86e-congres-hlm-de-lush-retrouvez-carea-a-bordeaux-2\/"]}]},{"@type":"ImageObject","inLanguage":"fr-FR","@id":"https:\/\/carea-facade.com\/fr\/evenements\/86e-congres-hlm-de-lush-retrouvez-carea-a-bordeaux-2\/#primaryimage","url":"https:\/\/carea-facade.com\/wp-content\/uploads\/2026\/08\/IMG_3202-1.jpg","contentUrl":"https:\/\/carea-facade.com\/wp-content\/uploads\/2026\/08\/IMG_3202-1.jpg","width":1200,"height":900,"caption":"IMG 3202 1"},{"@type":"BreadcrumbList","@id":"https:\/\/carea-facade.com\/fr\/evenements\/86e-congres-hlm-de-lush-retrouvez-carea-a-bordeaux-2\/#breadcrumb","itemListElement":[{"@type":"ListItem","position":1,"name":"Accueil","item":"https:\/\/carea-facade.com\/fr\/"},{"@type":"ListItem","position":2,"name":"\u00c9v\u00e9nements","item":"https:\/\/carea-facade.com\/fr\/evenements\/"},{"@type":"ListItem","position":3,"name":"86e Congr\u00e8s HLM de l\u2019USH : retrouvez CAREA\u00ae \u00e0 Bordeaux"}]},{"@type":"WebSite","@id":"https:\/\/carea-facade.com\/fr\/#website","url":"https:\/\/carea-facade.com\/fr\/","name":"Carea facade","description":"","publisher":{"@id":"https:\/\/carea-facade.com\/fr\/#organization"},"potentialAction":[{"@type":"SearchAction","target":{"@type":"EntryPoint","urlTemplate":"https:\/\/carea-facade.com\/fr\/?s={search_term_string}"},"query-input":{"@type":"PropertyValueSpecification","valueRequired":true,"valueName":"search_term_string"}}],"inLanguage":"fr-FR"},{"@type":"Organization","@id":"https:\/\/carea-facade.com\/fr\/#organization","name":"Carea facade","url":"https:\/\/carea-facade.com\/fr\/","logo":{"@type":"ImageObject","inLanguage":"fr-FR","@id":"https:\/\/carea-facade.com\/fr\/#\/schema\/logo\/image\/","url":"https:\/\/carea-facade.com\/wp-content\/uploads\/2025\/10\/logo-carea.svg","contentUrl":"https:\/\/carea-facade.com\/wp-content\/uploads\/2025\/10\/logo-carea.svg","width":131,"height":95,"caption":"Carea facade"},"image":{"@id":"https:\/\/carea-facade.com\/fr\/#\/schema\/logo\/image\/"}}]}},"_links":{"self":[{"href":"https:\/\/carea-facade.com\/fr\/wp-json\/wp\/v2\/evenement\/32786","targetHints":{"allow":["GET"]}}],"collection":[{"href":"https:\/\/carea-facade.com\/fr\/wp-json\/wp\/v2\/evenement"}],"about":[{"href":"https:\/\/carea-facade.com\/fr\/wp-json\/wp\/v2\/types\/evenement"}],"wp:featuredmedia":[{"embeddable":true,"href":"https:\/\/carea-facade.com\/fr\/wp-json\/wp\/v2\/media\/32780"}],"wp:attachment":[{"href":"https:\/\/carea-facade.com\/fr\/wp-json\/wp\/v2\/media?parent=32786"}],"curies":[{"name":"wp","href":"https:\/\/api.w.org\/{rel}","templated":true}]}}