{"id":292,"date":"2025-10-01T16:26:36","date_gmt":"2025-10-01T14:26:36","guid":{"rendered":"https:\/\/wa-test-plugin.local\/?page_id=292"},"modified":"2025-11-21T22:59:02","modified_gmt":"2025-11-21T21:59:02","slug":"documentation","status":"publish","type":"page","link":"https:\/\/carea-facade.com\/fr\/documentation\/","title":{"rendered":"T\u00e9l\u00e9chargements"},"content":{"rendered":"\n    <section\n        style=\"padding-top:var(--wp--preset--spacing--theme-default);padding-bottom:var(--wp--preset--spacing--theme-default);\" class=\"double-columns wp-block-acf-double-columns has-background has-primary-background-color has-global-padding is-layout-constrained wp-container-acf-double-columns-is-layout-a22d0bdd wp-block-acf-double-columns-is-layout-constrained\"    >\n\n<div class=\"acf-innerblocks-container\">\n\n<div class=\"wp-block-columns double-columns__container is-layout-flex wp-container-core-columns-is-layout-28f84493 wp-block-columns-is-layout-flex\">\n<div class=\"wp-block-column double-columns__column double-columns__column--title is-layout-flow wp-block-column-is-layout-flow\" style=\"flex-basis:50%\">\n<h2 class=\"wp-block-heading double-columns__title has-black-color has-text-color\" style=\"text-transform:uppercase\">T\u00e9l\u00e9chargements directs<\/h2>\n<\/div>\n\n\n\n<div class=\"wp-block-column double-columns__column double-columns__column--content is-layout-flow wp-block-column-is-layout-flow\" style=\"flex-basis:50%\">\n<p class=\"double-columns__text has-black-color has-text-color\">T\u00e9l\u00e9chargez ici en PDF notre documentation technico-commerciale et tous nos avis techniques (ATecs).<\/p>\n\n\n\n<div class=\"wp-block-button double-columns__gutenberg-button\"><a class=\"wp-block-button__link has-text-align-left wp-element-button\" href=\"https:\/\/carea-facade.com\/fr\/documentation\/telechargements\/\" style=\"border-width:1px;border-radius:1px\">Voir les documents<\/a><\/div>\n<\/div>\n<\/div>\n\n<\/div>\n\n<\/section>\n\n\n\n    <section\n        style=\"padding-top:var(--wp--preset--spacing--theme-default);padding-bottom:var(--wp--preset--spacing--theme-default);\" class=\"double-columns wp-block-acf-double-columns has-background has-beige-background-color has-global-padding is-layout-constrained wp-container-acf-double-columns-is-layout-a22d0bdd wp-block-acf-double-columns-is-layout-constrained\"    >\n\n<div class=\"acf-innerblocks-container\">\n\n<div class=\"wp-block-columns double-columns__container is-layout-flex wp-container-core-columns-is-layout-28f84493 wp-block-columns-is-layout-flex\">\n<div class=\"wp-block-column double-columns__column double-columns__column--title is-layout-flow wp-block-column-is-layout-flow\" style=\"flex-basis:50%\">\n<h2 class=\"wp-block-heading double-columns__title has-black-color has-text-color\" style=\"text-transform:uppercase\">Obtenir une DOCUMENTATION sp\u00e9cifique<\/h2>\n<\/div>\n\n\n\n<div class=\"wp-block-column double-columns__column double-columns__column--content is-layout-flow wp-block-column-is-layout-flow\" style=\"flex-basis:50%\">\n<p class=\"double-columns__text has-black-color has-text-color\">Formulaire de demande pour un document technique sp\u00e9cifique : \u00e9tude, calepinage etc.<\/p>\n\n\n\n<div class=\"wp-block-button double-columns__gutenberg-button\"><a class=\"wp-block-button__link has-text-align-left wp-element-button\" href=\"https:\/\/carea-facade.com\/fr\/documentation\/documentation-technique-specifique\/\" style=\"border-width:1px;border-radius:1px\">nous contacter<\/a><\/div>\n<\/div>\n<\/div>\n\n<\/div>\n\n<\/section>\n\n\n\n    <section\n        style=\"padding-top:var(--wp--preset--spacing--theme-default);padding-bottom:var(--wp--preset--spacing--theme-default);\" class=\"double-columns wp-block-acf-double-columns has-background has-primary-background-color has-global-padding is-layout-constrained wp-container-acf-double-columns-is-layout-a22d0bdd wp-block-acf-double-columns-is-layout-constrained\"    >\n\n<div class=\"acf-innerblocks-container\">\n\n<div class=\"wp-block-columns double-columns__container is-layout-flex wp-container-core-columns-is-layout-28f84493 wp-block-columns-is-layout-flex\">\n<div class=\"wp-block-column double-columns__column double-columns__column--title is-layout-flow wp-block-column-is-layout-flow\" style=\"flex-basis:50%\">\n<h2 class=\"wp-block-heading double-columns__title has-black-color has-text-color\" style=\"text-transform:uppercase\">Acc\u00e8s fiches techniques<\/h2>\n<\/div>\n\n\n\n<div class=\"wp-block-column double-columns__column double-columns__column--content is-layout-flow wp-block-column-is-layout-flow\" style=\"flex-basis:50%\">\n<p class=\"double-columns__text has-black-color has-text-color\">Apr\u00e8s identification, vous pourrez t\u00e9l\u00e9charger ici plus de 40 fiches techniques : traitement des points singuliers, finitions, modes op\u00e9ratoires, guides&#8230;<\/p>\n\n\n\n<div class=\"wp-block-button double-columns__gutenberg-button\"><a class=\"wp-block-button__link has-text-align-left wp-element-button\" href=\"https:\/\/carea-facade.com\/fr\/documentation\/fiches-techniques\/\" style=\"border-width:1px;border-radius:1px\">demande d&rsquo;acc\u00e8s<\/a><\/div>\n<\/div>\n<\/div>\n\n<\/div>\n\n<\/section>\n\n\n\n    <section\n        style=\"padding-top:var(--wp--preset--spacing--theme-default);padding-bottom:var(--wp--preset--spacing--theme-default);\" class=\"double-columns wp-block-acf-double-columns has-background has-beige-background-color has-global-padding is-layout-constrained wp-container-acf-double-columns-is-layout-a22d0bdd wp-block-acf-double-columns-is-layout-constrained\"    >\n\n<div class=\"acf-innerblocks-container\">\n\n<div class=\"wp-block-columns double-columns__container is-layout-flex wp-container-core-columns-is-layout-28f84493 wp-block-columns-is-layout-flex\">\n<div class=\"wp-block-column double-columns__column double-columns__column--title is-layout-flow wp-block-column-is-layout-flow\" style=\"flex-basis:50%\">\n<h2 class=\"wp-block-heading double-columns__title has-black-color has-text-color\" style=\"text-transform:uppercase\">Acc\u00e8s sch\u00e9mas DWG<\/h2>\n<\/div>\n\n\n\n<div class=\"wp-block-column double-columns__column double-columns__column--content is-layout-flow wp-block-column-is-layout-flow\" style=\"flex-basis:50%\">\n<p class=\"double-columns__text has-black-color has-text-color\">Apr\u00e8s identification, vous pourrez t\u00e9l\u00e9charger ici l&rsquo;ensemble des dessins techniques de nos syst\u00e8mes au format DWG.<\/p>\n\n\n\n<div class=\"wp-block-button double-columns__gutenberg-button\"><a class=\"wp-block-button__link has-text-align-left wp-element-button\" href=\"https:\/\/carea-facade.com\/fr\/documentation\/acces-schemas-dwg\/\" style=\"border-width:1px;border-radius:1px\">demande d&rsquo;acc\u00e8s<\/a><\/div>\n<\/div>\n<\/div>\n\n<\/div>\n\n<\/section>\n\n\n\n    <section\n        style=\"padding-top:var(--wp--preset--spacing--theme-default);padding-bottom:var(--wp--preset--spacing--theme-default);\" class=\"double-columns wp-block-acf-double-columns has-background has-primary-background-color has-global-padding is-layout-constrained wp-container-acf-double-columns-is-layout-a22d0bdd wp-block-acf-double-columns-is-layout-constrained\"    >\n\n<div class=\"acf-innerblocks-container\">\n\n<div class=\"wp-block-columns double-columns__container is-layout-flex wp-container-core-columns-is-layout-28f84493 wp-block-columns-is-layout-flex\">\n<div class=\"wp-block-column double-columns__column double-columns__column--title is-layout-flow wp-block-column-is-layout-flow\" style=\"flex-basis:50%\">\n<h2 class=\"wp-block-heading double-columns__title has-black-color has-text-color\" style=\"text-transform:uppercase\">Acc\u00e8s objets BIM et nuancier textures 3D<\/h2>\n<\/div>\n\n\n\n<div class=\"wp-block-column double-columns__column double-columns__column--content is-layout-flow wp-block-column-is-layout-flow\" style=\"flex-basis:50%\">\n<p class=\"double-columns__text has-black-color has-text-color\">Pour vous accompagner dans la conception de vos maquettes et simulations, vous pourrez t\u00e9l\u00e9charger ici, apr\u00e8s identification, l&rsquo;ensemble de nos objets BIM ainsi que le nuancier de nos textures 3D.<\/p>\n\n\n\n<p><a href=\"https:\/\/carea-facade.com\/fr\/la-technique\/le-bim-selon-carea\/\" target=\"_blank\" rel=\"noreferrer noopener\">En savoir plus sur le BIM&#8230;<\/a><\/p>\n\n\n\n<div class=\"wp-block-button double-columns__gutenberg-button\"><a class=\"wp-block-button__link has-text-align-left wp-element-button\" href=\"https:\/\/carea-facade.com\/fr\/documentation\/acces-objets-bim-textures-nuancier-3d\/\" style=\"border-width:1px;border-radius:1px\">demande d&rsquo;acc\u00e8s<\/a><\/div>\n<\/div>\n<\/div>\n\n<\/div>\n\n<\/section>\n\n\n\n    <section\n        style=\"padding-top:var(--wp--preset--spacing--theme-default);padding-bottom:var(--wp--preset--spacing--theme-default);\" class=\"double-columns wp-block-acf-double-columns has-background has-beige-background-color has-global-padding is-layout-constrained wp-container-acf-double-columns-is-layout-a22d0bdd wp-block-acf-double-columns-is-layout-constrained\"    >\n\n<div class=\"acf-innerblocks-container\">\n\n<div class=\"wp-block-columns double-columns__container is-layout-flex wp-container-core-columns-is-layout-28f84493 wp-block-columns-is-layout-flex\">\n<div class=\"wp-block-column double-columns__column double-columns__column--title is-layout-flow wp-block-column-is-layout-flow\" style=\"flex-basis:50%\">\n<h2 class=\"wp-block-heading double-columns__title has-black-color has-text-color\" style=\"text-transform:uppercase\">Acc\u00e8s FDES<\/h2>\n<\/div>\n\n\n\n<div class=\"wp-block-column double-columns__column double-columns__column--content is-layout-flow wp-block-column-is-layout-flow\" style=\"flex-basis:50%\">\n<p class=\"double-columns__text has-black-color has-text-color\">Apr\u00e8s identification, vous pourrez t\u00e9l\u00e9charger ici les fiches de d\u00e9claration environnementale et sanitaire (FDES) de nos produits.<\/p>\n\n\n\n<div class=\"wp-block-button double-columns__gutenberg-button\"><a class=\"wp-block-button__link has-text-align-left wp-element-button\" href=\"https:\/\/carea-facade.com\/fr\/documentation\/fdes\/\" style=\"border-width:1px;border-radius:1px\">demande d&rsquo;acc\u00e8s<\/a><\/div>\n<\/div>\n<\/div>\n\n<\/div>\n\n<\/section>\n","protected":false},"excerpt":{"rendered":"","protected":false},"author":3,"featured_media":0,"parent":0,"menu_order":46,"comment_status":"open","ping_status":"open","template":"","meta":{"_acf_changed":false,"footnotes":""},"class_list":["post-292","page","type-page","status-publish","hentry"],"acf":[],"yoast_head":"<!-- This site is optimized with the Yoast SEO plugin v27.4 - https:\/\/yoast.com\/product\/yoast-seo-wordpress\/ -->\n<title>Documentations CAREA - Parements de Fa\u00e7ade, Bardage : avis techniques, fiches...<\/title>\n<meta name=\"description\" content=\"CAREA FACADE - Retrouvez toute la Documentation dont vous avez besoin : documentation commerciale, avis techniques (ATecs), fiches techniques, etc.\" \/>\n<meta name=\"robots\" content=\"index, follow, max-snippet:-1, max-image-preview:large, max-video-preview:-1\" \/>\n<link rel=\"canonical\" href=\"https:\/\/carea-facade.com\/fr\/documentation\/\" \/>\n<meta property=\"og:locale\" content=\"fr_FR\" \/>\n<meta property=\"og:type\" content=\"article\" \/>\n<meta property=\"og:title\" content=\"Documentations CAREA - Parements de Fa\u00e7ade, Bardage : avis techniques, fiches...\" \/>\n<meta property=\"og:description\" content=\"CAREA FACADE - Retrouvez toute la Documentation dont vous avez besoin : documentation commerciale, avis techniques (ATecs), fiches techniques, etc.\" \/>\n<meta property=\"og:url\" content=\"https:\/\/carea-facade.com\/fr\/documentation\/\" \/>\n<meta property=\"og:site_name\" content=\"Carea facade\" \/>\n<meta property=\"article:modified_time\" content=\"2025-11-21T21:59:02+00:00\" \/>\n<meta name=\"twitter:card\" content=\"summary_large_image\" \/>\n<meta name=\"twitter:label1\" content=\"Dur\u00e9e de lecture estim\u00e9e\" \/>\n\t<meta name=\"twitter:data1\" content=\"1 minute\" \/>\n<script type=\"application\/ld+json\" class=\"yoast-schema-graph\">{\"@context\":\"https:\\\/\\\/schema.org\",\"@graph\":[{\"@type\":\"WebPage\",\"@id\":\"https:\\\/\\\/carea-facade.com\\\/fr\\\/documentation\\\/\",\"url\":\"https:\\\/\\\/carea-facade.com\\\/fr\\\/documentation\\\/\",\"name\":\"Documentations CAREA - Parements de Fa\u00e7ade, Bardage : avis techniques, fiches...\",\"isPartOf\":{\"@id\":\"https:\\\/\\\/carea-facade.com\\\/fr\\\/#website\"},\"datePublished\":\"2025-10-01T14:26:36+00:00\",\"dateModified\":\"2025-11-21T21:59:02+00:00\",\"description\":\"CAREA FACADE - Retrouvez toute la Documentation dont vous avez besoin : documentation commerciale, avis techniques (ATecs), fiches techniques, etc.\",\"breadcrumb\":{\"@id\":\"https:\\\/\\\/carea-facade.com\\\/fr\\\/documentation\\\/#breadcrumb\"},\"inLanguage\":\"fr-FR\",\"potentialAction\":[{\"@type\":\"ReadAction\",\"target\":[\"https:\\\/\\\/carea-facade.com\\\/fr\\\/documentation\\\/\"]}]},{\"@type\":\"BreadcrumbList\",\"@id\":\"https:\\\/\\\/carea-facade.com\\\/fr\\\/documentation\\\/#breadcrumb\",\"itemListElement\":[{\"@type\":\"ListItem\",\"position\":1,\"name\":\"Accueil\",\"item\":\"https:\\\/\\\/carea-facade.com\\\/fr\\\/home\\\/\"},{\"@type\":\"ListItem\",\"position\":2,\"name\":\"T\u00e9l\u00e9chargements\"}]},{\"@type\":\"WebSite\",\"@id\":\"https:\\\/\\\/carea-facade.com\\\/fr\\\/#website\",\"url\":\"https:\\\/\\\/carea-facade.com\\\/fr\\\/\",\"name\":\"Carea facade\",\"description\":\"\",\"publisher\":{\"@id\":\"https:\\\/\\\/carea-facade.com\\\/fr\\\/#organization\"},\"potentialAction\":[{\"@type\":\"SearchAction\",\"target\":{\"@type\":\"EntryPoint\",\"urlTemplate\":\"https:\\\/\\\/carea-facade.com\\\/fr\\\/?s={search_term_string}\"},\"query-input\":{\"@type\":\"PropertyValueSpecification\",\"valueRequired\":true,\"valueName\":\"search_term_string\"}}],\"inLanguage\":\"fr-FR\"},{\"@type\":\"Organization\",\"@id\":\"https:\\\/\\\/carea-facade.com\\\/fr\\\/#organization\",\"name\":\"Carea facade\",\"url\":\"https:\\\/\\\/carea-facade.com\\\/fr\\\/\",\"logo\":{\"@type\":\"ImageObject\",\"inLanguage\":\"fr-FR\",\"@id\":\"https:\\\/\\\/carea-facade.com\\\/fr\\\/#\\\/schema\\\/logo\\\/image\\\/\",\"url\":\"https:\\\/\\\/carea-facade.com\\\/wp-content\\\/uploads\\\/2025\\\/10\\\/logo-carea.svg\",\"contentUrl\":\"https:\\\/\\\/carea-facade.com\\\/wp-content\\\/uploads\\\/2025\\\/10\\\/logo-carea.svg\",\"width\":131,\"height\":95,\"caption\":\"Carea facade\"},\"image\":{\"@id\":\"https:\\\/\\\/carea-facade.com\\\/fr\\\/#\\\/schema\\\/logo\\\/image\\\/\"}}]}<\/script>\n<!-- \/ Yoast SEO plugin. -->","yoast_head_json":{"title":"Documentations CAREA - Parements de Fa\u00e7ade, Bardage : avis techniques, fiches...","description":"CAREA FACADE - Retrouvez toute la Documentation dont vous avez besoin : documentation commerciale, avis techniques (ATecs), fiches techniques, etc.","robots":{"index":"index","follow":"follow","max-snippet":"max-snippet:-1","max-image-preview":"max-image-preview:large","max-video-preview":"max-video-preview:-1"},"canonical":"https:\/\/carea-facade.com\/fr\/documentation\/","og_locale":"fr_FR","og_type":"article","og_title":"Documentations CAREA - Parements de Fa\u00e7ade, Bardage : avis techniques, fiches...","og_description":"CAREA FACADE - Retrouvez toute la Documentation dont vous avez besoin : documentation commerciale, avis techniques (ATecs), fiches techniques, etc.","og_url":"https:\/\/carea-facade.com\/fr\/documentation\/","og_site_name":"Carea facade","article_modified_time":"2025-11-21T21:59:02+00:00","twitter_card":"summary_large_image","twitter_misc":{"Dur\u00e9e de lecture estim\u00e9e":"1 minute"},"schema":{"@context":"https:\/\/schema.org","@graph":[{"@type":"WebPage","@id":"https:\/\/carea-facade.com\/fr\/documentation\/","url":"https:\/\/carea-facade.com\/fr\/documentation\/","name":"Documentations CAREA - Parements de Fa\u00e7ade, Bardage : avis techniques, fiches...","isPartOf":{"@id":"https:\/\/carea-facade.com\/fr\/#website"},"datePublished":"2025-10-01T14:26:36+00:00","dateModified":"2025-11-21T21:59:02+00:00","description":"CAREA FACADE - Retrouvez toute la Documentation dont vous avez besoin : documentation commerciale, avis techniques (ATecs), fiches techniques, etc.","breadcrumb":{"@id":"https:\/\/carea-facade.com\/fr\/documentation\/#breadcrumb"},"inLanguage":"fr-FR","potentialAction":[{"@type":"ReadAction","target":["https:\/\/carea-facade.com\/fr\/documentation\/"]}]},{"@type":"BreadcrumbList","@id":"https:\/\/carea-facade.com\/fr\/documentation\/#breadcrumb","itemListElement":[{"@type":"ListItem","position":1,"name":"Accueil","item":"https:\/\/carea-facade.com\/fr\/home\/"},{"@type":"ListItem","position":2,"name":"T\u00e9l\u00e9chargements"}]},{"@type":"WebSite","@id":"https:\/\/carea-facade.com\/fr\/#website","url":"https:\/\/carea-facade.com\/fr\/","name":"Carea facade","description":"","publisher":{"@id":"https:\/\/carea-facade.com\/fr\/#organization"},"potentialAction":[{"@type":"SearchAction","target":{"@type":"EntryPoint","urlTemplate":"https:\/\/carea-facade.com\/fr\/?s={search_term_string}"},"query-input":{"@type":"PropertyValueSpecification","valueRequired":true,"valueName":"search_term_string"}}],"inLanguage":"fr-FR"},{"@type":"Organization","@id":"https:\/\/carea-facade.com\/fr\/#organization","name":"Carea facade","url":"https:\/\/carea-facade.com\/fr\/","logo":{"@type":"ImageObject","inLanguage":"fr-FR","@id":"https:\/\/carea-facade.com\/fr\/#\/schema\/logo\/image\/","url":"https:\/\/carea-facade.com\/wp-content\/uploads\/2025\/10\/logo-carea.svg","contentUrl":"https:\/\/carea-facade.com\/wp-content\/uploads\/2025\/10\/logo-carea.svg","width":131,"height":95,"caption":"Carea facade"},"image":{"@id":"https:\/\/carea-facade.com\/fr\/#\/schema\/logo\/image\/"}}]}},"_links":{"self":[{"href":"https:\/\/carea-facade.com\/fr\/wp-json\/wp\/v2\/pages\/292","targetHints":{"allow":["GET"]}}],"collection":[{"href":"https:\/\/carea-facade.com\/fr\/wp-json\/wp\/v2\/pages"}],"about":[{"href":"https:\/\/carea-facade.com\/fr\/wp-json\/wp\/v2\/types\/page"}],"author":[{"embeddable":true,"href":"https:\/\/carea-facade.com\/fr\/wp-json\/wp\/v2\/users\/3"}],"replies":[{"embeddable":true,"href":"https:\/\/carea-facade.com\/fr\/wp-json\/wp\/v2\/comments?post=292"}],"version-history":[{"count":22,"href":"https:\/\/carea-facade.com\/fr\/wp-json\/wp\/v2\/pages\/292\/revisions"}],"predecessor-version":[{"id":7238,"href":"https:\/\/carea-facade.com\/fr\/wp-json\/wp\/v2\/pages\/292\/revisions\/7238"}],"wp:attachment":[{"href":"https:\/\/carea-facade.com\/fr\/wp-json\/wp\/v2\/media?parent=292"}],"curies":[{"name":"wp","href":"https:\/\/api.w.org\/{rel}","templated":true}]}}